{"id":126,"date":"2026-07-30T19:03:13","date_gmt":"2026-07-30T17:03:13","guid":{"rendered":"https:\/\/elpaglobe.com\/index.php\/apprendre-le-francais\/"},"modified":"2026-08-03T20:17:27","modified_gmt":"2026-08-03T18:17:27","slug":"apprendre-le-francais","status":"publish","type":"page","link":"https:\/\/elpaglobe.com\/index.php\/apprendre-le-francais\/","title":{"rendered":"Cours de fran\u00e7ais"},"content":{"rendered":"\n<p class=\"wp-block-paragraph\">Nos cours de fran\u00e7ais g\u00e9n\u00e9ral s&rsquo;adressent aux apprenants de tous niveaux (selon CECRL) et de tous \u00e2ges souhaitant am\u00e9liorer leurs comp\u00e9tences linguistiques en fran\u00e7ais g\u00e9n\u00e9ral, en abordant des sujets et des situations de la vie quotidienne. Ils visent \u00e0 d\u00e9velopper les quatre comp\u00e9tences de communication : compr\u00e9hension orale, expression orale, compr\u00e9hension \u00e9crite et expression \u00e9crite.<\/p>\n\n\n\n<p class=\"wp-block-paragraph\">L&rsquo;accent est mis sur le renforcement de la confiance en soi \u00e0 l&rsquo;oral et \u00e0 la compr\u00e9hension du fran\u00e7ais dans diverses situations du quotidien. Les sujets abord\u00e9s en classe incluent : vocabulaire d&rsquo;actualit\u00e9, \u00e9tude des structures grammaticales, prononciation et compr\u00e9hension orale, comp\u00e9tences relationnelles, sensibilisation culturelle, comp\u00e9tences en lecture et \u00e9criture, ainsi que la conversation.<\/p>\n\n\n\n<p class=\"wp-block-paragraph\">Notre m\u00e9thode d&rsquo;enseignement repose sur une approche psycholinguistique. Nous prenons en compte la personnalit\u00e9 et le profil psychologique de chaque apprenant et accordons une tr\u00e8s grande importance \u00e0 la motivation.&nbsp;<\/p>\n\n\n\n<p class=\"wp-block-paragraph\">Nous utilisons des supports p\u00e9dagogiques compl\u00e9t\u00e9s par des documents authentiques. Nous invitons les \u00e9tudiants \u00e0 d\u00e9couvrir la langue, la culture et la civilisation fran\u00e7aises \u00e0 travers ces supports authentiques.<\/p>\n\n\n\n<p class=\"wp-block-paragraph\"><em>Nos cours sont dispens\u00e9s aussi bien en ligne qu&rsquo;en pr\u00e9sentiel.<\/em><\/p>\n\n\n\n<p class=\"wp-block-paragraph\"><em>Des groupes pour enfants, adolescents et adultes peuvent \u00e9galement \u00eatre organis\u00e9s.<\/em><\/p>\n\n\n\n<p class=\"wp-block-paragraph\"><\/p>\n","protected":false},"excerpt":{"rendered":"<p>Nos cours de fran\u00e7ais g\u00e9n\u00e9ral s&rsquo;adressent aux apprenants de tous niveaux (selon CECRL) et de tous \u00e2ges souhaitant am\u00e9liorer leurs comp\u00e9tences linguistiques en fran\u00e7ais g\u00e9n\u00e9ral, en abordant des sujets et des situations de la vie quotidienne. Ils visent \u00e0 d\u00e9velopper les quatre comp\u00e9tences de communication : compr\u00e9hension orale, expression orale, compr\u00e9hension \u00e9crite et expression \u00e9crite. [&hellip;]<\/p>\n","protected":false},"author":1,"featured_media":0,"parent":0,"menu_order":0,"comment_status":"closed","ping_status":"closed","template":"","meta":{"footnotes":""},"class_list":["post-126","page","type-page","status-publish","hentry"],"_links":{"self":[{"href":"https:\/\/elpaglobe.com\/index.php\/wp-json\/wp\/v2\/pages\/126","targetHints":{"allow":["GET"]}}],"collection":[{"href":"https:\/\/elpaglobe.com\/index.php\/wp-json\/wp\/v2\/pages"}],"about":[{"href":"https:\/\/elpaglobe.com\/index.php\/wp-json\/wp\/v2\/types\/page"}],"author":[{"embeddable":true,"href":"https:\/\/elpaglobe.com\/index.php\/wp-json\/wp\/v2\/users\/1"}],"replies":[{"embeddable":true,"href":"https:\/\/elpaglobe.com\/index.php\/wp-json\/wp\/v2\/comments?post=126"}],"version-history":[{"count":3,"href":"https:\/\/elpaglobe.com\/index.php\/wp-json\/wp\/v2\/pages\/126\/revisions"}],"predecessor-version":[{"id":182,"href":"https:\/\/elpaglobe.com\/index.php\/wp-json\/wp\/v2\/pages\/126\/revisions\/182"}],"wp:attachment":[{"href":"https:\/\/elpaglobe.com\/index.php\/wp-json\/wp\/v2\/media?parent=126"}],"curies":[{"name":"wp","href":"https:\/\/api.w.org\/{rel}","templated":true}]}}